{"id":684,"date":"2022-07-13T12:28:00","date_gmt":"2022-07-13T10:28:00","guid":{"rendered":"http:\/\/antonioteiza.org\/biografia\/"},"modified":"2023-01-09T17:20:07","modified_gmt":"2023-01-09T15:20:07","slug":"biografia","status":"publish","type":"page","link":"https:\/\/antonioteiza.org\/es\/biografia\/","title":{"rendered":"Biograf\u00eda"},"content":{"rendered":"\n<div class=\"antonio-top\">\n<div class=\"top-bg\">\n\t<img loading=\"lazy\" decoding=\"async\" width=\"802\" height=\"442\" src=\"https:\/\/antonioteiza.org\/wp-content\/uploads\/2022\/10\/antonio-biografia2.jpg\" alt=\"antonio otezia trabajando\" class=\"alignnone size-full wp-image-637\" srcset=\"https:\/\/antonioteiza.org\/wp-content\/uploads\/2022\/10\/antonio-biografia2.jpg 802w, https:\/\/antonioteiza.org\/wp-content\/uploads\/2022\/10\/antonio-biografia2-300x165.jpg 300w, https:\/\/antonioteiza.org\/wp-content\/uploads\/2022\/10\/antonio-biografia2-768x423.jpg 768w\" sizes=\"auto, (max-width: 802px) 100vw, 802px\" \/>\n    <\/div>\n<div class=\"txt-right\">\n<h2>Biograf\u00eda<\/h2>\n<div class=\"txt-edukia txt-sarrera \">\nAntonio Oteiza nace en San Sebasti\u00e1n (Gipuzkoa) el 26 de junio de 1926, hijo de Carmen Embil Giner y Jos\u00e9 Oteiza Lasa. <br \/>A los diez a\u00f1os, se traslada con su hermano Ignacio a vivir a Orio, donde estudia en el Colegio la Salle de Zarauz, a cinco kil\u00f3metros de Orio. En 1945 entra en el noviciado de los Capuchinos, en Bilbao y comienza a estudiar Filosof\u00eda (1946-48) y Teolog\u00eda (1949-52), siendo ordenado sacerdote en Madrid por el obispo Eijo Garay en 1953. Destinado como misionero en B\u00e1yamo (Cuba), pasa 5 a\u00f1os en Venezuela y recorre el Orinoco; all\u00ed conoce la cultura de los indios Guayo y los indios Motilones, en la Sierra de Parij\u00e1, entre Colombia y Venezuela.<\/p>\n<p>Antonio inicia su carrera como artista realizando sus primeras obras en la d\u00e9cada de los 50.\n      <\/p><\/div>\n<\/p><\/div>\n<\/p><\/div>\n<\/div>\n<div class=\"container\">\n<div class=\"cita\">\n<blockquote><p>\n\u201cMi afici\u00f3n por el arte naci\u00f3 de una necesidad; andaba a mis 30 a\u00f1os por el oriente venezolano, y era el a\u00f1o del tercer centenario de la llegada de los capuchinos a esas regiones donde hab\u00edan fundado multitud de pueblos. Quise hacerles alg\u00fan recordatorio, pens\u00e9 en un monumento y busqu\u00e9 un escultor, pero no lo encontr\u00e9. As\u00ed que busqu\u00e9 barro y todos lo necesario y lo hice yo mismo.\u201d\n   <\/p><\/blockquote><\/div>\n<\/div>\n<div class=\"container-fluid\">\n<div class=\"antonio-top\">\n<div class=\"txt-right\">\n<div class=\"txt-edukia\">\n<p>De vuelta a Madrid en 1961, plantea a sus superiores dedicarse al arte religioso. Recibe clases durante un mes de manos del escultor V\u00edctor de los R\u00edos y del pintor de San Fernando Amadeo Roca. Monta un taller en el convento capuchino de Cuatro Caminos (Madrid) y all\u00ed crea sus primeras obras, perfectamente figurativas, como corresponde a los criterios de una formaci\u00f3n acad\u00e9mica. All\u00ed realiza piezas como \u201cSan Francisco y el lobo\u201d, \u201cSan Francisco y las t\u00f3rtolas\u201d y dos acerca de Pau Casals. En estas se aprecia la confluencia o s\u00edntesis formal entre las formas redondeadas org\u00e1nicas y los planos geom\u00e9tricos n\u00edtidos.<\/p>\n<p>Antonio va definiendo lentamente su propio estilo. Trabaja madera y piedra. A mediados del mismo a\u00f1o se le da permiso para estudiar arte en La Escuela Internacional de Perusa (Italia). A su vuelta, en 1963, Antonio expone en Vitoria con el jesuita Santiago Montes. Durante estos a\u00f1os participa en el movimiento de renovaci\u00f3n del arte religioso que promueve el concilio Vaticano II.<\/p>\n<p>En octubre de 1964 Antonio se ve obligado a desmantelar el taller de Cuatro Caminos, pues es destinado a La Coru\u00f1a, donde se instala en el convento de Capuchinos de Gij\u00f3n. All\u00ed reanuda la pr\u00e1ctica de la cer\u00e1mica, en la F\u00e1brica de Loza del barrio del Natahoyo. En Gij\u00f3n quedan muchos trabajos suyos, que ascienden a casi 20 obras.<\/p>\n<p>En 1969 pasa un a\u00f1o en Ar\u00e1nzazu con su hermano Jorge, donde trabaja en la obra de la Bas\u00edlica. Su hermano Jorge es elegido para encabezar la obra junto al arquitecto Sa\u00e9nz de Oiza, los escultores Lucio Mu\u00f1oz y Eduardo Chillida, los pintores Carlos Pascual de Lara y N\u00e9stor Basterrrechea y fray Javier M. de Eulate, autor de las vidrieras. Es la \u00fanica vez que los dos hermanos trabajar\u00e1n juntos. <\/p>\n<\/p><\/div>\n<\/p><\/div>\n<div class=\"top-bg\">\n  <img loading=\"lazy\" decoding=\"async\" width=\"802\" height=\"442\" src=\"https:\/\/antonioteiza.org\/wp-content\/uploads\/2022\/10\/antonio-biografia.jpg\" alt=\"Antonio Oteiza exposici\u00f3n\" class=\"alignnone size-full wp-image-635\" srcset=\"https:\/\/antonioteiza.org\/wp-content\/uploads\/2022\/10\/antonio-biografia.jpg 802w, https:\/\/antonioteiza.org\/wp-content\/uploads\/2022\/10\/antonio-biografia-300x165.jpg 300w, https:\/\/antonioteiza.org\/wp-content\/uploads\/2022\/10\/antonio-biografia-768x423.jpg 768w\" sizes=\"auto, (max-width: 802px) 100vw, 802px\" \/>\n <\/div>\n<\/div>\n<\/div>\n<div class=\"container\">\n<div class=\"cita\">\n<blockquote><p>\n\u201cCuando en tu familia surge una personalidad art\u00edstica, piensas que lo que merece la pena, ese pensamiento te puede inducir a actuar. Ese ha sido mi caso\u2026 Podemos estar influidos por motivaciones similares. Jorge ha razonado todo su arte, esto es muy importante. Yo, por mi parte, intento ser espont\u00e1neo y estar cerca de la frescura del arte popular.\u201d\n<\/p><\/blockquote>\n<div class=\"cita-txt\">\n<p>En 1970 Antonio vuelve a partir rumbo a Recife (Brasil). Durante tres meses remonta el curso del Amazonas en barca, desde Bel\u00e9n a la cordillera de los Andes, donde escribe \u201cAventurero sin equipaje por el Amazonas\u201d. En enero de 1971 es p\u00e1rroco de Angasmarca, en los Andes peruanos, experiencia que le marca y que refleja en su libro \u201cCartas parroquiales de Angasmarca\u201d. Vuelve a Espa\u00f1a atravesando el Pac\u00edfico, con lo que completa la vuelta al mundo.<\/p>\n<\/div>\n<blockquote><p>\n\u201cUna de las conciencias que da el viaje, aquel que pasa la vida de peregrino por el mundo, es que en cada lugar se va dejando parte de su vida, lo que le concede ya un derecho de pertenencia a ese lugar, se siente que se va dejando el futuro cad\u00e1ver en cada lugar, porque en el \u00faltimo lugar en que va a quedarse tampoco le corresponder\u00e1 el quedarse.\u201d\n<\/p><\/blockquote>\n<div class=\"cita-txt\">\n<p>Desde que dej\u00f3 Am\u00e9rica atr\u00e1s, ideaba volver, pero a\u00fan no sab\u00eda que se iba a a convertir en un aventurero incansable, por los sitios m\u00e1s rec\u00f3nditos de la geograf\u00eda americana. El riesgo, el miedo, lo desconocido, la propia muerte son l\u00edmites que \u00e9l mismo desaf\u00eda con tal suerte, que en varios cuadernos recogi\u00f3 datos importantes para luego narrarnos d\u00eda a d\u00eda, sus vivencias en el r\u00edo Amazonas. Indudablemente a partir de ahora empieza la obra de su vida, que perdura hasta el d\u00eda de hoy. <\/p>\n<\/div>\n<\/div>\n<\/div>\n<div class=\"firma\">\n<img loading=\"lazy\" decoding=\"async\" width=\"256\" height=\"91\" src=\"https:\/\/antonioteiza.org\/wp-content\/uploads\/2022\/10\/oteiza-logo.jpg\" alt=\"Antonio oteiza logotipo\" class=\"alignnone size-full wp-image-674\" \/><\/p>\n","protected":false},"excerpt":{"rendered":"<p>Biograf\u00eda Antonio Oteiza nace en San Sebasti\u00e1n (Gipuzkoa) el 26 de junio de 1926, hijo de Carmen Embil Giner y Jos\u00e9 Oteiza Lasa. A los diez a\u00f1os, se traslada con su hermano Ignacio a vivir a Orio, donde estudia en el Colegio la Salle de Zarauz, a cinco kil\u00f3metros de Orio. En 1945 entra en [&hellip;]<\/p>\n","protected":false},"author":1,"featured_media":648,"parent":0,"menu_order":0,"comment_status":"closed","ping_status":"closed","template":"template-simple.php","meta":{"_acf_changed":false,"footnotes":""},"class_list":["post-684","page","type-page","status-publish","has-post-thumbnail","hentry"],"acf":[],"yoast_head":"<!-- This site is optimized with the Yoast SEO plugin v26.8 - https:\/\/yoast.com\/product\/yoast-seo-wordpress\/ -->\n<title>Biograf\u00eda - Antonio Oteiza<\/title>\n<meta name=\"robots\" content=\"index, follow, max-snippet:-1, max-image-preview:large, max-video-preview:-1\" \/>\n<link rel=\"canonical\" href=\"https:\/\/antonioteiza.org\/es\/biografia\/\" \/>\n<meta property=\"og:locale\" content=\"es_ES\" \/>\n<meta property=\"og:type\" content=\"article\" \/>\n<meta property=\"og:title\" content=\"Biograf\u00eda - Antonio Oteiza\" \/>\n<meta property=\"og:description\" content=\"Biograf\u00eda Antonio Oteiza nace en San Sebasti\u00e1n (Gipuzkoa) el 26 de junio de 1926, hijo de Carmen Embil Giner y Jos\u00e9 Oteiza Lasa. A los diez a\u00f1os, se traslada con su hermano Ignacio a vivir a Orio, donde estudia en el Colegio la Salle de Zarauz, a cinco kil\u00f3metros de Orio. En 1945 entra en [&hellip;]\" \/>\n<meta property=\"og:url\" content=\"https:\/\/antonioteiza.org\/es\/biografia\/\" \/>\n<meta property=\"og:site_name\" content=\"Antonio Oteiza\" \/>\n<meta property=\"article:modified_time\" content=\"2023-01-09T15:20:07+00:00\" \/>\n<meta property=\"og:image\" content=\"https:\/\/antonioteiza.org\/wp-content\/uploads\/2022\/10\/oteiza-top.jpg\" \/>\n\t<meta property=\"og:image:width\" content=\"2400\" \/>\n\t<meta property=\"og:image:height\" content=\"314\" \/>\n\t<meta property=\"og:image:type\" content=\"image\/jpeg\" \/>\n<meta name=\"twitter:card\" content=\"summary_large_image\" \/>\n<meta name=\"twitter:label1\" content=\"Est. reading time\" \/>\n\t<meta name=\"twitter:data1\" content=\"4 minutos\" \/>\n<script type=\"application\/ld+json\" class=\"yoast-schema-graph\">{\"@context\":\"https:\/\/schema.org\",\"@graph\":[{\"@type\":\"WebPage\",\"@id\":\"https:\/\/antonioteiza.org\/es\/biografia\/\",\"url\":\"https:\/\/antonioteiza.org\/es\/biografia\/\",\"name\":\"Biograf\u00eda - Antonio Oteiza\",\"isPartOf\":{\"@id\":\"https:\/\/antonioteiza.org\/es\/#website\"},\"primaryImageOfPage\":{\"@id\":\"https:\/\/antonioteiza.org\/es\/biografia\/#primaryimage\"},\"image\":{\"@id\":\"https:\/\/antonioteiza.org\/es\/biografia\/#primaryimage\"},\"thumbnailUrl\":\"https:\/\/antonioteiza.org\/wp-content\/uploads\/2022\/10\/oteiza-top.jpg\",\"datePublished\":\"2022-07-13T10:28:00+00:00\",\"dateModified\":\"2023-01-09T15:20:07+00:00\",\"breadcrumb\":{\"@id\":\"https:\/\/antonioteiza.org\/es\/biografia\/#breadcrumb\"},\"inLanguage\":\"es\",\"potentialAction\":[{\"@type\":\"ReadAction\",\"target\":[\"https:\/\/antonioteiza.org\/es\/biografia\/\"]}]},{\"@type\":\"ImageObject\",\"inLanguage\":\"es\",\"@id\":\"https:\/\/antonioteiza.org\/es\/biografia\/#primaryimage\",\"url\":\"https:\/\/antonioteiza.org\/wp-content\/uploads\/2022\/10\/oteiza-top.jpg\",\"contentUrl\":\"https:\/\/antonioteiza.org\/wp-content\/uploads\/2022\/10\/oteiza-top.jpg\",\"width\":2400,\"height\":314},{\"@type\":\"BreadcrumbList\",\"@id\":\"https:\/\/antonioteiza.org\/es\/biografia\/#breadcrumb\",\"itemListElement\":[{\"@type\":\"ListItem\",\"position\":1,\"name\":\"Home\",\"item\":\"https:\/\/antonioteiza.org\/es\/\"},{\"@type\":\"ListItem\",\"position\":2,\"name\":\"Biograf\u00eda\"}]},{\"@type\":\"WebSite\",\"@id\":\"https:\/\/antonioteiza.org\/es\/#website\",\"url\":\"https:\/\/antonioteiza.org\/es\/\",\"name\":\"Antonio Oteiza\",\"description\":\"Just another WordPress site\",\"publisher\":{\"@id\":\"https:\/\/antonioteiza.org\/es\/#organization\"},\"potentialAction\":[{\"@type\":\"SearchAction\",\"target\":{\"@type\":\"EntryPoint\",\"urlTemplate\":\"https:\/\/antonioteiza.org\/es\/?s={search_term_string}\"},\"query-input\":{\"@type\":\"PropertyValueSpecification\",\"valueRequired\":true,\"valueName\":\"search_term_string\"}}],\"inLanguage\":\"es\"},{\"@type\":\"Organization\",\"@id\":\"https:\/\/antonioteiza.org\/es\/#organization\",\"name\":\"Antonio Oteiza\",\"url\":\"https:\/\/antonioteiza.org\/es\/\",\"logo\":{\"@type\":\"ImageObject\",\"inLanguage\":\"es\",\"@id\":\"https:\/\/antonioteiza.org\/es\/#\/schema\/logo\/image\/\",\"url\":\"https:\/\/antonioteiza.org\/wp-content\/uploads\/2022\/06\/cropped-oteiza-logo.jpg\",\"contentUrl\":\"https:\/\/antonioteiza.org\/wp-content\/uploads\/2022\/06\/cropped-oteiza-logo.jpg\",\"width\":256,\"height\":91,\"caption\":\"Antonio Oteiza\"},\"image\":{\"@id\":\"https:\/\/antonioteiza.org\/es\/#\/schema\/logo\/image\/\"}}]}<\/script>\n<!-- \/ Yoast SEO plugin. -->","yoast_head_json":{"title":"Biograf\u00eda - Antonio Oteiza","robots":{"index":"index","follow":"follow","max-snippet":"max-snippet:-1","max-image-preview":"max-image-preview:large","max-video-preview":"max-video-preview:-1"},"canonical":"https:\/\/antonioteiza.org\/es\/biografia\/","og_locale":"es_ES","og_type":"article","og_title":"Biograf\u00eda - Antonio Oteiza","og_description":"Biograf\u00eda Antonio Oteiza nace en San Sebasti\u00e1n (Gipuzkoa) el 26 de junio de 1926, hijo de Carmen Embil Giner y Jos\u00e9 Oteiza Lasa. A los diez a\u00f1os, se traslada con su hermano Ignacio a vivir a Orio, donde estudia en el Colegio la Salle de Zarauz, a cinco kil\u00f3metros de Orio. En 1945 entra en [&hellip;]","og_url":"https:\/\/antonioteiza.org\/es\/biografia\/","og_site_name":"Antonio Oteiza","article_modified_time":"2023-01-09T15:20:07+00:00","og_image":[{"width":2400,"height":314,"url":"https:\/\/antonioteiza.org\/wp-content\/uploads\/2022\/10\/oteiza-top.jpg","type":"image\/jpeg"}],"twitter_card":"summary_large_image","twitter_misc":{"Est. reading time":"4 minutos"},"schema":{"@context":"https:\/\/schema.org","@graph":[{"@type":"WebPage","@id":"https:\/\/antonioteiza.org\/es\/biografia\/","url":"https:\/\/antonioteiza.org\/es\/biografia\/","name":"Biograf\u00eda - Antonio Oteiza","isPartOf":{"@id":"https:\/\/antonioteiza.org\/es\/#website"},"primaryImageOfPage":{"@id":"https:\/\/antonioteiza.org\/es\/biografia\/#primaryimage"},"image":{"@id":"https:\/\/antonioteiza.org\/es\/biografia\/#primaryimage"},"thumbnailUrl":"https:\/\/antonioteiza.org\/wp-content\/uploads\/2022\/10\/oteiza-top.jpg","datePublished":"2022-07-13T10:28:00+00:00","dateModified":"2023-01-09T15:20:07+00:00","breadcrumb":{"@id":"https:\/\/antonioteiza.org\/es\/biografia\/#breadcrumb"},"inLanguage":"es","potentialAction":[{"@type":"ReadAction","target":["https:\/\/antonioteiza.org\/es\/biografia\/"]}]},{"@type":"ImageObject","inLanguage":"es","@id":"https:\/\/antonioteiza.org\/es\/biografia\/#primaryimage","url":"https:\/\/antonioteiza.org\/wp-content\/uploads\/2022\/10\/oteiza-top.jpg","contentUrl":"https:\/\/antonioteiza.org\/wp-content\/uploads\/2022\/10\/oteiza-top.jpg","width":2400,"height":314},{"@type":"BreadcrumbList","@id":"https:\/\/antonioteiza.org\/es\/biografia\/#breadcrumb","itemListElement":[{"@type":"ListItem","position":1,"name":"Home","item":"https:\/\/antonioteiza.org\/es\/"},{"@type":"ListItem","position":2,"name":"Biograf\u00eda"}]},{"@type":"WebSite","@id":"https:\/\/antonioteiza.org\/es\/#website","url":"https:\/\/antonioteiza.org\/es\/","name":"Antonio Oteiza","description":"Just another WordPress site","publisher":{"@id":"https:\/\/antonioteiza.org\/es\/#organization"},"potentialAction":[{"@type":"SearchAction","target":{"@type":"EntryPoint","urlTemplate":"https:\/\/antonioteiza.org\/es\/?s={search_term_string}"},"query-input":{"@type":"PropertyValueSpecification","valueRequired":true,"valueName":"search_term_string"}}],"inLanguage":"es"},{"@type":"Organization","@id":"https:\/\/antonioteiza.org\/es\/#organization","name":"Antonio Oteiza","url":"https:\/\/antonioteiza.org\/es\/","logo":{"@type":"ImageObject","inLanguage":"es","@id":"https:\/\/antonioteiza.org\/es\/#\/schema\/logo\/image\/","url":"https:\/\/antonioteiza.org\/wp-content\/uploads\/2022\/06\/cropped-oteiza-logo.jpg","contentUrl":"https:\/\/antonioteiza.org\/wp-content\/uploads\/2022\/06\/cropped-oteiza-logo.jpg","width":256,"height":91,"caption":"Antonio Oteiza"},"image":{"@id":"https:\/\/antonioteiza.org\/es\/#\/schema\/logo\/image\/"}}]}},"_links":{"self":[{"href":"https:\/\/antonioteiza.org\/es\/wp-json\/wp\/v2\/pages\/684","targetHints":{"allow":["GET"]}}],"collection":[{"href":"https:\/\/antonioteiza.org\/es\/wp-json\/wp\/v2\/pages"}],"about":[{"href":"https:\/\/antonioteiza.org\/es\/wp-json\/wp\/v2\/types\/page"}],"author":[{"embeddable":true,"href":"https:\/\/antonioteiza.org\/es\/wp-json\/wp\/v2\/users\/1"}],"replies":[{"embeddable":true,"href":"https:\/\/antonioteiza.org\/es\/wp-json\/wp\/v2\/comments?post=684"}],"version-history":[{"count":2,"href":"https:\/\/antonioteiza.org\/es\/wp-json\/wp\/v2\/pages\/684\/revisions"}],"predecessor-version":[{"id":1221,"href":"https:\/\/antonioteiza.org\/es\/wp-json\/wp\/v2\/pages\/684\/revisions\/1221"}],"wp:featuredmedia":[{"embeddable":true,"href":"https:\/\/antonioteiza.org\/es\/wp-json\/wp\/v2\/media\/648"}],"wp:attachment":[{"href":"https:\/\/antonioteiza.org\/es\/wp-json\/wp\/v2\/media?parent=684"}],"curies":[{"name":"wp","href":"https:\/\/api.w.org\/{rel}","templated":true}]}}